{"id":1717,"date":"2022-01-24T20:33:51","date_gmt":"2022-01-24T20:33:51","guid":{"rendered":"https:\/\/oeilcdn.org\/?page_id=1717"},"modified":"2022-01-24T20:36:43","modified_gmt":"2022-01-24T20:36:43","slug":"history","status":"publish","type":"page","link":"https:\/\/oeilcdn.org\/en\/history\/","title":{"rendered":"History"},"content":{"rendered":"\t\t<div data-elementor-type=\"wp-page\" data-elementor-id=\"1717\" class=\"elementor elementor-1717 elementor-1002\" data-elementor-post-type=\"page\">\n\t\t\t\t\t\t<section class=\"elementor-section elementor-top-section elementor-element elementor-element-b12be70 elementor-section-boxed elementor-section-height-default elementor-section-height-default\" data-id=\"b12be70\" data-element_type=\"section\" data-e-type=\"section\">\n\t\t\t\t\t\t<div class=\"elementor-container elementor-column-gap-default\">\n\t\t\t\t\t<div class=\"elementor-column elementor-col-100 elementor-top-column elementor-element elementor-element-42f3373\" data-id=\"42f3373\" data-element_type=\"column\" data-e-type=\"column\">\n\t\t\t<div class=\"elementor-widget-wrap elementor-element-populated\">\n\t\t\t\t\t\t<div class=\"elementor-element elementor-element-0e5495c elementor-widget elementor-widget-theme-post-title elementor-page-title elementor-widget-heading\" data-id=\"0e5495c\" data-element_type=\"widget\" data-e-type=\"widget\" data-widget_type=\"theme-post-title.default\">\n\t\t\t\t<div class=\"elementor-widget-container\">\n\t\t\t\t\t<h1 class=\"elementor-heading-title elementor-size-default\">History<\/h1>\t\t\t\t<\/div>\n\t\t\t\t<\/div>\n\t\t\t\t\t<\/div>\n\t\t<\/div>\n\t\t\t\t\t<\/div>\n\t\t<\/section>\n\t\t\t\t<section class=\"elementor-section elementor-top-section elementor-element elementor-element-2563f1b elementor-section-boxed elementor-section-height-default elementor-section-height-default\" data-id=\"2563f1b\" data-element_type=\"section\" data-e-type=\"section\">\n\t\t\t\t\t\t<div class=\"elementor-container elementor-column-gap-default\">\n\t\t\t\t\t<div class=\"elementor-column elementor-col-100 elementor-top-column elementor-element elementor-element-b3d5485\" data-id=\"b3d5485\" data-element_type=\"column\" data-e-type=\"column\" data-settings=\"{&quot;background_motion_fx_translateY_effect&quot;:&quot;yes&quot;,&quot;background_motion_fx_translateY_direction&quot;:&quot;negative&quot;,&quot;background_motion_fx_translateY_speed&quot;:{&quot;unit&quot;:&quot;px&quot;,&quot;size&quot;:1.5,&quot;sizes&quot;:[]},&quot;background_motion_fx_devices&quot;:[&quot;desktop&quot;,&quot;tablet&quot;],&quot;background_motion_fx_translateY_affectedRange&quot;:{&quot;unit&quot;:&quot;%&quot;,&quot;size&quot;:&quot;&quot;,&quot;sizes&quot;:{&quot;start&quot;:0,&quot;end&quot;:100}}}\">\n\t\t\t<div class=\"elementor-widget-wrap elementor-element-populated\">\n\t\t\t\t\t\t<div class=\"elementor-element elementor-element-292228d elementor-invisible elementor-widget elementor-widget-image\" data-id=\"292228d\" data-element_type=\"widget\" data-e-type=\"widget\" data-settings=\"{&quot;_animation&quot;:&quot;fadeIn&quot;}\" data-widget_type=\"image.default\">\n\t\t\t\t<div class=\"elementor-widget-container\">\n\t\t\t\t\t\t\t\t\t\t\t\t\t\t\t<img fetchpriority=\"high\" decoding=\"async\" width=\"1500\" height=\"500\" src=\"https:\/\/oeilcdn.org\/wp-content\/uploads\/2021\/07\/Foto-2021-06-11-6-26-26-p.-m..jpg\" class=\"attachment-full size-full wp-image-1508\" alt=\"\" srcset=\"https:\/\/oeilcdn.org\/wp-content\/uploads\/2021\/07\/Foto-2021-06-11-6-26-26-p.-m..jpg 1500w, https:\/\/oeilcdn.org\/wp-content\/uploads\/2021\/07\/Foto-2021-06-11-6-26-26-p.-m.-300x100.jpg 300w, https:\/\/oeilcdn.org\/wp-content\/uploads\/2021\/07\/Foto-2021-06-11-6-26-26-p.-m.-1024x341.jpg 1024w, https:\/\/oeilcdn.org\/wp-content\/uploads\/2021\/07\/Foto-2021-06-11-6-26-26-p.-m.-768x256.jpg 768w\" sizes=\"(max-width: 1500px) 100vw, 1500px\" \/>\t\t\t\t\t\t\t\t\t\t\t\t\t\t\t<\/div>\n\t\t\t\t<\/div>\n\t\t\t\t<div class=\"elementor-element elementor-element-668e805 elementor-widget elementor-widget-heading\" data-id=\"668e805\" data-element_type=\"widget\" data-e-type=\"widget\" data-widget_type=\"heading.default\">\n\t\t\t\t<div class=\"elementor-widget-container\">\n\t\t\t\t\t<h6 class=\"elementor-heading-title elementor-size-default\">\u00a9 Fernando Calder\u00f3n<\/h6>\t\t\t\t<\/div>\n\t\t\t\t<\/div>\n\t\t\t\t\t<\/div>\n\t\t<\/div>\n\t\t\t\t\t<\/div>\n\t\t<\/section>\n\t\t\t\t<section class=\"elementor-section elementor-top-section elementor-element elementor-element-6507786 elementor-section-height-min-height elementor-section-boxed elementor-section-height-default elementor-section-items-middle\" data-id=\"6507786\" data-element_type=\"section\" data-e-type=\"section\" data-settings=\"{&quot;background_background&quot;:&quot;classic&quot;}\">\n\t\t\t\t\t\t<div class=\"elementor-container elementor-column-gap-default\">\n\t\t\t\t\t<div class=\"elementor-column elementor-col-100 elementor-top-column elementor-element elementor-element-d6260fe\" data-id=\"d6260fe\" data-element_type=\"column\" data-e-type=\"column\">\n\t\t\t<div class=\"elementor-widget-wrap elementor-element-populated\">\n\t\t\t\t\t\t<div class=\"elementor-element elementor-element-28c8799 elementor-widget-divider--view-line elementor-widget elementor-widget-divider\" data-id=\"28c8799\" data-element_type=\"widget\" data-e-type=\"widget\" data-widget_type=\"divider.default\">\n\t\t\t\t<div class=\"elementor-widget-container\">\n\t\t\t\t\t\t\t<div class=\"elementor-divider\">\n\t\t\t<span class=\"elementor-divider-separator\">\n\t\t\t\t\t\t<\/span>\n\t\t<\/div>\n\t\t\t\t\t\t<\/div>\n\t\t\t\t<\/div>\n\t\t\t\t<div class=\"elementor-element elementor-element-4bddbba elementor-widget elementor-widget-text-editor\" data-id=\"4bddbba\" data-element_type=\"widget\" data-e-type=\"widget\" data-widget_type=\"text-editor.default\">\n\t\t\t\t<div class=\"elementor-widget-container\">\n\t\t\t\t\t\t\t\t\t<h3><strong>The little story of the OEIL of C\u00f4te-des-Neiges\u2026<\/strong><\/h3>\t\t\t\t\t\t\t\t<\/div>\n\t\t\t\t<\/div>\n\t\t\t\t<div class=\"elementor-element elementor-element-7ee3848 elementor-widget elementor-widget-spacer\" data-id=\"7ee3848\" data-element_type=\"widget\" data-e-type=\"widget\" data-widget_type=\"spacer.default\">\n\t\t\t\t<div class=\"elementor-widget-container\">\n\t\t\t\t\t\t\t<div class=\"elementor-spacer\">\n\t\t\t<div class=\"elementor-spacer-inner\"><\/div>\n\t\t<\/div>\n\t\t\t\t\t\t<\/div>\n\t\t\t\t<\/div>\n\t\t\t\t<div class=\"elementor-element elementor-element-d8f3c24 elementor-widget elementor-widget-spacer\" data-id=\"d8f3c24\" data-element_type=\"widget\" data-e-type=\"widget\" data-widget_type=\"spacer.default\">\n\t\t\t\t<div class=\"elementor-widget-container\">\n\t\t\t\t\t\t\t<div class=\"elementor-spacer\">\n\t\t\t<div class=\"elementor-spacer-inner\"><\/div>\n\t\t<\/div>\n\t\t\t\t\t\t<\/div>\n\t\t\t\t<\/div>\n\t\t\t\t<div class=\"elementor-element elementor-element-a054a6e elementor-widget elementor-widget-text-editor\" data-id=\"a054a6e\" data-element_type=\"widget\" data-e-type=\"widget\" data-widget_type=\"text-editor.default\">\n\t\t\t\t<div class=\"elementor-widget-container\">\n\t\t\t\t\t\t\t\t\t<h4><strong>The beginnings<\/strong><\/h4><p>In 1971, a group of seven students from the Universit\u00e9 de Montr\u00e9al created a committee to improve housing conditions in C\u00f4te-des-Neiges. Already, fifty years ago, the needs were evident: rents beyond the financial means of the tenants, shortage of large housing for families, deterioration of buildings in the district. There was no social housing in the area.<\/p><p>These students were already active with the neighborhood social action committee. In the summer of 1971, they obtained federal funding through the <em>Perspective jeunesse<\/em> program (currently Canada Summer Jobs) to inform tenants of their rights. Their summer project quickly received support from the community and a group of tenants joined the students to continue the fight for the right to decent housing.<\/p><p>The approach was political from the start: members were already campaigning for housing to be recognized as a right and not something to be left to the speculation of the market<\/p><h4><strong>The difficult years <\/strong><\/h4><p>Money was scarce in the early years! Members and activists often paid the rent out of their pockets and published the newsletter themselves! Thousands of volunteer hours saved the organization. In 1975, it was able to stabilize thanks to the funding given by Centraide. Since then, the organization has had a storefront, employees and still relies on the active involvement of its members and volunteers.<\/p><h4><strong>The fight continues <\/strong><\/h4><p>Despite some progress, the fight is far from over. Tenants&#8217; rights remain fragile and must be constantly defended: rent increases; buildings that continue to deteriorate; long delays at the Administrative Housing Tribunal; major urban development projects that threaten the very existence of rental housing; construction of condos rather than social housing, etc.<\/p><h4><strong>The committee changes its name<\/strong><\/h4><p>In 1983, the committee changed its name to the Organisation d\u2019\u00c9ducation et d\u2019Information Logement of C\u00f4te-des-Neiges and pursued its objective of improving housing conditions in C\u00f4te-des-Neiges and Notre-Dame-de &#8211; Gr\u00e2ce.<\/p><h4><strong>What have we done since?<\/strong><\/h4><p>A lot of water has flowed under the bridge since the founding of the organization. Social housing, non-existent at the time, has emerged. This is the case, in 1975, of the first housing cooperative, \u201cLa cooperative Village C\u00f4te-des-Neiges\u201d, located at 3399, rue Lacombe, which was the first housing cooperative in Quebec. From 1976 to 1994, several HLMs were built in the district. Several streets and buildings have been renovated, improving the living conditions of many residents of C\u00f4te-des-Neiges and Notre-Dame-de-Gr\u00e2ce.<\/p><p>In 1990, the \u0152IL collaborated with other organizations such as PROMIS, Project Genesis, ROMEL, the CLSC C\u00f4te-des-Neiges as well as representatives of the Montreal Housing and Development Corporation (SHDM) to set up a consultation table to help develop the latter&#8217;s program. The SHDM bought 668 units, including 400 on Barclay Street, and resold 80 of the 400 units on Barclay Street to the Office municipal d\u2019habitation (OMHM). The management of the other dwellings is either transferred to housing cooperatives or to Habitations communautaire de C\u00f4te-des-Neiges, an NPO created specifically for the management of these buildings.<\/p><p>In 1997, the \u0152IL collaborated with Project Genesis, Multi-Caf, \u00c9coquartier C\u00f4te-des-Neiges, ROMEL, Groupe CDH and PROMIS to set up the Social Housing Table of the C\u00f4te-des-Neiges\/Snowdon Community Council. Did you know that OEIL C\u00f4te-des-Neiges has had six different addresses over the past thirty years? Like many of our tenants, we have often moved too, but always being faithful to our neighborhood!<\/p><ul><li>1971 : 5319, rue Gatineau.<\/li><li>1972 : 5186, ch. C\u00f4te-des-Neiges.<\/li><li>1974 : 5950, ch. C\u00f4te-des-Neiges, b. 108.<\/li><li>1976 : 3600, av. Van Horne, b. 200.<\/li><li>1990 : 6655, ch. C\u00f4te-des-Neiges, b. 320.<\/li><\/ul><p>Since 1999 the offices of the \u0152IL have been located at 3600, ave. Barclay, b. 344.<\/p><h4><strong>And now? <\/strong><\/h4><p>The organization is still present and very active. We continue our fight for the improvement of the conditions of the tenants of the district by doing popular education with the help of thematic workshops related to housing or on social issues and by offering free information services on the right of the lodging.<\/p>\t\t\t\t\t\t\t\t<\/div>\n\t\t\t\t<\/div>\n\t\t\t\t\t<\/div>\n\t\t<\/div>\n\t\t\t\t\t<\/div>\n\t\t<\/section>\n\t\t\t\t<\/div>\n\t\t","protected":false},"excerpt":{"rendered":"<p>\u00a9 Fernando Calder\u00f3n The little story of the OEIL of C\u00f4te-des-Neiges\u2026 The beginnings In 1971, a group of seven students from the Universit\u00e9 de Montr\u00e9al created a committee to improve housing conditions in C\u00f4te-des-Neiges. Already, fifty years ago, the needs were evident: rents beyond the financial means of the tenants, shortage of large housing for [&hellip;]<\/p>\n","protected":false},"author":1,"featured_media":0,"parent":0,"menu_order":0,"comment_status":"closed","ping_status":"closed","template":"elementor_header_footer","meta":{"_acf_changed":false,"site-sidebar-layout":"no-sidebar","site-content-layout":"page-builder","ast-site-content-layout":"default","site-content-style":"default","site-sidebar-style":"default","ast-global-header-display":"","ast-banner-title-visibility":"","ast-main-header-display":"","ast-hfb-above-header-display":"","ast-hfb-below-header-display":"","ast-hfb-mobile-header-display":"","site-post-title":"disabled","ast-breadcrumbs-content":"","ast-featured-img":"disabled","footer-sml-layout":"","ast-disable-related-posts":"","theme-transparent-header-meta":"default","adv-header-id-meta":"","stick-header-meta":"","header-above-stick-meta":"","header-main-stick-meta":"","header-below-stick-meta":"","astra-migrate-meta-layouts":"default","ast-page-background-enabled":"default","ast-page-background-meta":{"desktop":{"background-color":"","background-image":"","background-repeat":"repeat","background-position":"center center","background-size":"auto","background-attachment":"scroll","background-type":"","background-media":"","overlay-type":"","overlay-color":"","overlay-opacity":"","overlay-gradient":""},"tablet":{"background-color":"","background-image":"","background-repeat":"repeat","background-position":"center center","background-size":"auto","background-attachment":"scroll","background-type":"","background-media":"","overlay-type":"","overlay-color":"","overlay-opacity":"","overlay-gradient":""},"mobile":{"background-color":"","background-image":"","background-repeat":"repeat","background-position":"center center","background-size":"auto","background-attachment":"scroll","background-type":"","background-media":"","overlay-type":"","overlay-color":"","overlay-opacity":"","overlay-gradient":""}},"ast-content-background-meta":{"desktop":{"background-color":"var(--ast-global-color-5)","background-image":"","background-repeat":"repeat","background-position":"center center","background-size":"auto","background-attachment":"scroll","background-type":"","background-media":"","overlay-type":"","overlay-color":"","overlay-opacity":"","overlay-gradient":""},"tablet":{"background-color":"var(--ast-global-color-5)","background-image":"","background-repeat":"repeat","background-position":"center center","background-size":"auto","background-attachment":"scroll","background-type":"","background-media":"","overlay-type":"","overlay-color":"","overlay-opacity":"","overlay-gradient":""},"mobile":{"background-color":"var(--ast-global-color-5)","background-image":"","background-repeat":"repeat","background-position":"center center","background-size":"auto","background-attachment":"scroll","background-type":"","background-media":"","overlay-type":"","overlay-color":"","overlay-opacity":"","overlay-gradient":""}},"footnotes":""},"class_list":["post-1717","page","type-page","status-publish","hentry"],"acf":[],"yoast_head":"<!-- This site is optimized with the Yoast SEO plugin v27.0 - https:\/\/yoast.com\/product\/yoast-seo-wordpress\/ -->\n<title>History - OEIL C\u00f4te-des-Neiges<\/title>\n<meta name=\"robots\" content=\"index, follow, max-snippet:-1, max-image-preview:large, max-video-preview:-1\" \/>\n<link rel=\"canonical\" href=\"https:\/\/oeilcdn.org\/en\/history\/\" \/>\n<meta property=\"og:locale\" content=\"en_US\" \/>\n<meta property=\"og:type\" content=\"article\" \/>\n<meta property=\"og:title\" content=\"History - OEIL C\u00f4te-des-Neiges\" \/>\n<meta property=\"og:description\" content=\"\u00a9 Fernando Calder\u00f3n The little story of the OEIL of C\u00f4te-des-Neiges\u2026 The beginnings In 1971, a group of seven students from the Universit\u00e9 de Montr\u00e9al created a committee to improve housing conditions in C\u00f4te-des-Neiges. Already, fifty years ago, the needs were evident: rents beyond the financial means of the tenants, shortage of large housing for [&hellip;]\" \/>\n<meta property=\"og:url\" content=\"https:\/\/oeilcdn.org\/en\/history\/\" \/>\n<meta property=\"og:site_name\" content=\"OEIL C\u00f4te-des-Neiges\" \/>\n<meta property=\"article:publisher\" content=\"https:\/\/www.facebook.com\/OEIL-C%c3%b4te-des-Neiges-150236932019\" \/>\n<meta property=\"article:modified_time\" content=\"2022-01-24T20:36:43+00:00\" \/>\n<meta property=\"og:image\" content=\"https:\/\/oeilcdn.org\/wp-content\/uploads\/2021\/07\/Foto-2021-06-11-6-26-26-p.-m..jpg\" \/>\n<meta name=\"twitter:card\" content=\"summary_large_image\" \/>\n<meta name=\"twitter:label1\" content=\"Est. reading time\" \/>\n\t<meta name=\"twitter:data1\" content=\"3 minutes\" \/>\n<script type=\"application\/ld+json\" class=\"yoast-schema-graph\">{\"@context\":\"https:\/\/schema.org\",\"@graph\":[{\"@type\":\"WebPage\",\"@id\":\"https:\/\/oeilcdn.org\/en\/history\/\",\"url\":\"https:\/\/oeilcdn.org\/en\/history\/\",\"name\":\"History - OEIL C\u00f4te-des-Neiges\",\"isPartOf\":{\"@id\":\"https:\/\/oeilcdn.org\/#website\"},\"primaryImageOfPage\":{\"@id\":\"https:\/\/oeilcdn.org\/en\/history\/#primaryimage\"},\"image\":{\"@id\":\"https:\/\/oeilcdn.org\/en\/history\/#primaryimage\"},\"thumbnailUrl\":\"https:\/\/oeilcdn.org\/wp-content\/uploads\/2021\/07\/Foto-2021-06-11-6-26-26-p.-m..jpg\",\"datePublished\":\"2022-01-24T20:33:51+00:00\",\"dateModified\":\"2022-01-24T20:36:43+00:00\",\"breadcrumb\":{\"@id\":\"https:\/\/oeilcdn.org\/en\/history\/#breadcrumb\"},\"inLanguage\":\"en-US\",\"potentialAction\":[{\"@type\":\"ReadAction\",\"target\":[\"https:\/\/oeilcdn.org\/en\/history\/\"]}]},{\"@type\":\"ImageObject\",\"inLanguage\":\"en-US\",\"@id\":\"https:\/\/oeilcdn.org\/en\/history\/#primaryimage\",\"url\":\"https:\/\/oeilcdn.org\/wp-content\/uploads\/2021\/07\/Foto-2021-06-11-6-26-26-p.-m..jpg\",\"contentUrl\":\"https:\/\/oeilcdn.org\/wp-content\/uploads\/2021\/07\/Foto-2021-06-11-6-26-26-p.-m..jpg\"},{\"@type\":\"BreadcrumbList\",\"@id\":\"https:\/\/oeilcdn.org\/en\/history\/#breadcrumb\",\"itemListElement\":[{\"@type\":\"ListItem\",\"position\":1,\"name\":\"Accueil\",\"item\":\"https:\/\/oeilcdn.org\/en\/\"},{\"@type\":\"ListItem\",\"position\":2,\"name\":\"History\"}]},{\"@type\":\"WebSite\",\"@id\":\"https:\/\/oeilcdn.org\/#website\",\"url\":\"https:\/\/oeilcdn.org\/\",\"name\":\"OEIL C\u00f4te-des-Neiges\",\"description\":\"Pour la d\u00e9fense des droits des locataires\",\"publisher\":{\"@id\":\"https:\/\/oeilcdn.org\/#organization\"},\"potentialAction\":[{\"@type\":\"SearchAction\",\"target\":{\"@type\":\"EntryPoint\",\"urlTemplate\":\"https:\/\/oeilcdn.org\/?s={search_term_string}\"},\"query-input\":{\"@type\":\"PropertyValueSpecification\",\"valueRequired\":true,\"valueName\":\"search_term_string\"}}],\"inLanguage\":\"en-US\"},{\"@type\":\"Organization\",\"@id\":\"https:\/\/oeilcdn.org\/#organization\",\"name\":\"Organisation d\u2019\u00c9ducation & d\u2019Information Logement de C\u00f4te-des-Neiges (OEIL)\",\"url\":\"https:\/\/oeilcdn.org\/\",\"logo\":{\"@type\":\"ImageObject\",\"inLanguage\":\"en-US\",\"@id\":\"https:\/\/oeilcdn.org\/#\/schema\/logo\/image\/\",\"url\":\"https:\/\/oeilcdn.org\/wp-content\/uploads\/2021\/05\/logo-oeil-couleur.png\",\"contentUrl\":\"https:\/\/oeilcdn.org\/wp-content\/uploads\/2021\/05\/logo-oeil-couleur.png\",\"width\":452,\"height\":374,\"caption\":\"Organisation d\u2019\u00c9ducation & d\u2019Information Logement de C\u00f4te-des-Neiges (OEIL)\"},\"image\":{\"@id\":\"https:\/\/oeilcdn.org\/#\/schema\/logo\/image\/\"},\"sameAs\":[\"https:\/\/www.facebook.com\/OEIL-C\u00f4te-des-Neiges-150236932019\"]}]}<\/script>\n<!-- \/ Yoast SEO plugin. -->","yoast_head_json":{"title":"History - OEIL C\u00f4te-des-Neiges","robots":{"index":"index","follow":"follow","max-snippet":"max-snippet:-1","max-image-preview":"max-image-preview:large","max-video-preview":"max-video-preview:-1"},"canonical":"https:\/\/oeilcdn.org\/en\/history\/","og_locale":"en_US","og_type":"article","og_title":"History - OEIL C\u00f4te-des-Neiges","og_description":"\u00a9 Fernando Calder\u00f3n The little story of the OEIL of C\u00f4te-des-Neiges\u2026 The beginnings In 1971, a group of seven students from the Universit\u00e9 de Montr\u00e9al created a committee to improve housing conditions in C\u00f4te-des-Neiges. Already, fifty years ago, the needs were evident: rents beyond the financial means of the tenants, shortage of large housing for [&hellip;]","og_url":"https:\/\/oeilcdn.org\/en\/history\/","og_site_name":"OEIL C\u00f4te-des-Neiges","article_publisher":"https:\/\/www.facebook.com\/OEIL-C%c3%b4te-des-Neiges-150236932019","article_modified_time":"2022-01-24T20:36:43+00:00","og_image":[{"url":"https:\/\/oeilcdn.org\/wp-content\/uploads\/2021\/07\/Foto-2021-06-11-6-26-26-p.-m..jpg","type":"","width":"","height":""}],"twitter_card":"summary_large_image","twitter_misc":{"Est. reading time":"3 minutes"},"schema":{"@context":"https:\/\/schema.org","@graph":[{"@type":"WebPage","@id":"https:\/\/oeilcdn.org\/en\/history\/","url":"https:\/\/oeilcdn.org\/en\/history\/","name":"History - OEIL C\u00f4te-des-Neiges","isPartOf":{"@id":"https:\/\/oeilcdn.org\/#website"},"primaryImageOfPage":{"@id":"https:\/\/oeilcdn.org\/en\/history\/#primaryimage"},"image":{"@id":"https:\/\/oeilcdn.org\/en\/history\/#primaryimage"},"thumbnailUrl":"https:\/\/oeilcdn.org\/wp-content\/uploads\/2021\/07\/Foto-2021-06-11-6-26-26-p.-m..jpg","datePublished":"2022-01-24T20:33:51+00:00","dateModified":"2022-01-24T20:36:43+00:00","breadcrumb":{"@id":"https:\/\/oeilcdn.org\/en\/history\/#breadcrumb"},"inLanguage":"en-US","potentialAction":[{"@type":"ReadAction","target":["https:\/\/oeilcdn.org\/en\/history\/"]}]},{"@type":"ImageObject","inLanguage":"en-US","@id":"https:\/\/oeilcdn.org\/en\/history\/#primaryimage","url":"https:\/\/oeilcdn.org\/wp-content\/uploads\/2021\/07\/Foto-2021-06-11-6-26-26-p.-m..jpg","contentUrl":"https:\/\/oeilcdn.org\/wp-content\/uploads\/2021\/07\/Foto-2021-06-11-6-26-26-p.-m..jpg"},{"@type":"BreadcrumbList","@id":"https:\/\/oeilcdn.org\/en\/history\/#breadcrumb","itemListElement":[{"@type":"ListItem","position":1,"name":"Accueil","item":"https:\/\/oeilcdn.org\/en\/"},{"@type":"ListItem","position":2,"name":"History"}]},{"@type":"WebSite","@id":"https:\/\/oeilcdn.org\/#website","url":"https:\/\/oeilcdn.org\/","name":"OEIL C\u00f4te-des-Neiges","description":"Pour la d\u00e9fense des droits des locataires","publisher":{"@id":"https:\/\/oeilcdn.org\/#organization"},"potentialAction":[{"@type":"SearchAction","target":{"@type":"EntryPoint","urlTemplate":"https:\/\/oeilcdn.org\/?s={search_term_string}"},"query-input":{"@type":"PropertyValueSpecification","valueRequired":true,"valueName":"search_term_string"}}],"inLanguage":"en-US"},{"@type":"Organization","@id":"https:\/\/oeilcdn.org\/#organization","name":"Organisation d\u2019\u00c9ducation & d\u2019Information Logement de C\u00f4te-des-Neiges (OEIL)","url":"https:\/\/oeilcdn.org\/","logo":{"@type":"ImageObject","inLanguage":"en-US","@id":"https:\/\/oeilcdn.org\/#\/schema\/logo\/image\/","url":"https:\/\/oeilcdn.org\/wp-content\/uploads\/2021\/05\/logo-oeil-couleur.png","contentUrl":"https:\/\/oeilcdn.org\/wp-content\/uploads\/2021\/05\/logo-oeil-couleur.png","width":452,"height":374,"caption":"Organisation d\u2019\u00c9ducation & d\u2019Information Logement de C\u00f4te-des-Neiges (OEIL)"},"image":{"@id":"https:\/\/oeilcdn.org\/#\/schema\/logo\/image\/"},"sameAs":["https:\/\/www.facebook.com\/OEIL-C\u00f4te-des-Neiges-150236932019"]}]}},"_links":{"self":[{"href":"https:\/\/oeilcdn.org\/en\/wp-json\/wp\/v2\/pages\/1717","targetHints":{"allow":["GET"]}}],"collection":[{"href":"https:\/\/oeilcdn.org\/en\/wp-json\/wp\/v2\/pages"}],"about":[{"href":"https:\/\/oeilcdn.org\/en\/wp-json\/wp\/v2\/types\/page"}],"author":[{"embeddable":true,"href":"https:\/\/oeilcdn.org\/en\/wp-json\/wp\/v2\/users\/1"}],"replies":[{"embeddable":true,"href":"https:\/\/oeilcdn.org\/en\/wp-json\/wp\/v2\/comments?post=1717"}],"version-history":[{"count":2,"href":"https:\/\/oeilcdn.org\/en\/wp-json\/wp\/v2\/pages\/1717\/revisions"}],"predecessor-version":[{"id":1721,"href":"https:\/\/oeilcdn.org\/en\/wp-json\/wp\/v2\/pages\/1717\/revisions\/1721"}],"wp:attachment":[{"href":"https:\/\/oeilcdn.org\/en\/wp-json\/wp\/v2\/media?parent=1717"}],"curies":[{"name":"wp","href":"https:\/\/api.w.org\/{rel}","templated":true}]}}